{"id":6,"date":"2019-12-18T21:47:09","date_gmt":"2019-12-18T20:47:09","guid":{"rendered":"https:\/\/www.siee-dz.com\/?page_id=6"},"modified":"2025-12-01T02:43:25","modified_gmt":"2025-12-01T01:43:25","slug":"le-nouveau-e-mucem-ouvre-ses-portes-2","status":"publish","type":"page","link":"https:\/\/www.symbiose-event.com\/visiteurs\/","title":{"rendered":"Accueil"},"content":{"rendered":"<p>[et_pb_section fb_built=\u00a0\u00bb1&Prime; module_id=\u00a0\u00bbhomeSignupSection\u00a0\u00bb _builder_version=\u00a0\u00bb4.27.4&Prime; background_enable_image=\u00a0\u00bboff\u00a0\u00bb custom_padding=\u00a0\u00bb50px||0px||false|false\u00a0\u00bb hover_enabled=\u00a0\u00bb0&Prime; locked=\u00a0\u00bboff\u00a0\u00bb global_colors_info=\u00a0\u00bb{}\u00a0\u00bb sticky_enabled=\u00a0\u00bb0&Prime;][et_pb_row use_custom_gutter=\u00a0\u00bbon\u00a0\u00bb make_equal=\u00a0\u00bbon\u00a0\u00bb _builder_version=\u00a0\u00bb4.27.4&Prime; width=\u00a0\u00bb100%\u00a0\u00bb max_width=\u00a0\u00bb1500px\u00a0\u00bb custom_padding=\u00a0\u00bb0px||0px|||\u00a0\u00bb hover_enabled=\u00a0\u00bb0&Prime; global_colors_info=\u00a0\u00bb{}\u00a0\u00bb column_structure=\u00a0\u00bb3_4,1_4&Prime; gutter_width=\u00a0\u00bb1&Prime; sticky_enabled=\u00a0\u00bb0&Prime;][et_pb_column type=\u00a0\u00bb3_4&Prime; _builder_version=\u00a0\u00bb4.16&Prime; global_colors_info=\u00a0\u00bb{}\u00a0\u00bb][et_pb_code module_id=\u00a0\u00bbhomeSignup\u00a0\u00bb _builder_version=\u00a0\u00bb4.16&Prime; global_colors_info=\u00a0\u00bb{}\u00a0\u00bb]<div class=\"woocommerce\"><\/div>[\/et_pb_code][\/et_pb_column][et_pb_column type=\u00a0\u00bb1_4&Prime; _builder_version=\u00a0\u00bb4.27.4&Prime; hover_enabled=\u00a0\u00bb0&Prime; global_colors_info=\u00a0\u00bb{}\u00a0\u00bb disabled_on=\u00a0\u00bbon|on|off\u00a0\u00bb sticky_enabled=\u00a0\u00bb0&Prime; sticky_limit_bottom=\u00a0\u00bbsection\u00a0\u00bb background_color=\u00a0\u00bb#0b3659&Prime;][et_pb_image src=\u00a0\u00bbhttps:\/\/www.symbiose-event.com\/visiteurs\/wp-content\/uploads\/2025\/12\/Pollutec-F-Juin.jpg\u00a0\u00bb _builder_version=\u00a0\u00bb4.27.4&Prime; _module_preset=\u00a0\u00bbdefault\u00a0\u00bb title_text=\u00a0\u00bbPollutec-F-Juin\u00a0\u00bb hover_enabled=\u00a0\u00bb0&Prime; sticky_enabled=\u00a0\u00bb0&Prime; custom_margin=\u00a0\u00bb30px|||||\u00a0\u00bb sticky_position=\u00a0\u00bbtop\u00a0\u00bb sticky_limit_bottom=\u00a0\u00bbsection\u00a0\u00bb][\/et_pb_image][\/et_pb_column][\/et_pb_row][\/et_pb_section][et_pb_section fb_built=\u00a0\u00bb1&Prime; _builder_version=\u00a0\u00bb4.27.4&Prime; _module_preset=\u00a0\u00bbdefault\u00a0\u00bb background_image=\u00a0\u00bbhttps:\/\/www.symbiose-event.com\/exposants\/wp-content\/uploads\/2025\/10\/Favicone.png\u00a0\u00bb background_size=\u00a0\u00bbcustom\u00a0\u00bb background_image_width=\u00a0\u00bb250px\u00a0\u00bb background_position=\u00a0\u00bbtop_right\u00a0\u00bb background_horizontal_offset=\u00a0\u00bb-15%\u00a0\u00bb background_vertical_offset=\u00a0\u00bb-34%\u00a0\u00bb custom_padding=\u00a0\u00bb15px||34px||false|\u00a0\u00bb scroll_vertical_motion_enable=\u00a0\u00bbon\u00a0\u00bb scroll_vertical_motion=\u00a0\u00bb0|30|30|100|4|0|0&Prime; scroll_vertical_motion_tablet=\u00a0\u00bb0|30|30|100|0|0|0&Prime; scroll_vertical_motion_phone=\u00a0\u00bb0|30|30|100|0|0|0&Prime; scroll_vertical_motion_last_edited=\u00a0\u00bbon|tablet\u00a0\u00bb global_module=\u00a0\u00bb804&Prime; saved_tabs=\u00a0\u00bball\u00a0\u00bb locked=\u00a0\u00bboff\u00a0\u00bb global_colors_info=\u00a0\u00bb{}\u00a0\u00bb][et_pb_row column_structure=\u00a0\u00bb1_4,1_4,1_2&Prime; _builder_version=\u00a0\u00bb4.27.4&Prime; _module_preset=\u00a0\u00bbdefault\u00a0\u00bb background_enable_image=\u00a0\u00bboff\u00a0\u00bb background_size=\u00a0\u00bbcustom\u00a0\u00bb background_image_width=\u00a0\u00bb250px\u00a0\u00bb background_position=\u00a0\u00bbtop_left\u00a0\u00bb background_horizontal_offset=\u00a0\u00bb-15%\u00a0\u00bb background_vertical_offset=\u00a0\u00bb-34%\u00a0\u00bb width=\u00a0\u00bb95%\u00a0\u00bb custom_padding=\u00a0\u00bb0px||0px|||\u00a0\u00bb animation_style=\u00a0\u00bbslide\u00a0\u00bb animation_direction=\u00a0\u00bbbottom\u00a0\u00bb animation_delay=\u00a0\u00bb500ms\u00a0\u00bb hover_enabled=\u00a0\u00bb0&Prime; global_colors_info=\u00a0\u00bb{}\u00a0\u00bb max_width=\u00a0\u00bb1500px\u00a0\u00bb sticky_enabled=\u00a0\u00bb0&Prime;][et_pb_column type=\u00a0\u00bb1_4&Prime; _builder_version=\u00a0\u00bb4.27.4&Prime; _module_preset=\u00a0\u00bbdefault\u00a0\u00bb global_colors_info=\u00a0\u00bb{}\u00a0\u00bb][et_pb_image src=\u00a0\u00bbhttps:\/\/www.symbiose-event.com\/exposants\/wp-content\/uploads\/2025\/11\/Symbiose-Communication-logo.png\u00a0\u00bb title_text=\u00a0\u00bbSymbiose-Communication-logo\u00a0\u00bb _builder_version=\u00a0\u00bb4.27.4&Prime; _module_preset=\u00a0\u00bbdefault\u00a0\u00bb custom_margin=\u00a0\u00bb||11px|||\u00a0\u00bb custom_padding=\u00a0\u00bb|45px||||\u00a0\u00bb global_colors_info=\u00a0\u00bb{}\u00a0\u00bb][\/et_pb_image][et_pb_text _builder_version=\u00a0\u00bb4.27.4&Prime; _module_preset=\u00a0\u00bbdefault\u00a0\u00bb text_text_color=\u00a0\u00bb#000000&Prime; custom_margin=\u00a0\u00bb||9px|||\u00a0\u00bb custom_padding=\u00a0\u00bb|||12px||\u00a0\u00bb global_colors_info=\u00a0\u00bb{}\u00a0\u00bb]R\u00e9sidence CHABANI, ilot 12, immeuble 6C \u2013 Hydra \u2013 Alger \u2013 Alg\u00e9rie[\/et_pb_text][et_pb_text _builder_version=\u00a0\u00bb4.27.4&Prime; _module_preset=\u00a0\u00bbdefault\u00a0\u00bb text_text_color=\u00a0\u00bb#000000&Prime; custom_margin=\u00a0\u00bb||0px|||\u00a0\u00bb custom_padding=\u00a0\u00bb|||12px||\u00a0\u00bb global_colors_info=\u00a0\u00bb{}\u00a0\u00bb]<\/p>\n<p>\u00a0T\u00e9l. : +213 (0) 20 06 84 27<\/p>\n<p>[\/et_pb_text][et_pb_text _builder_version=\u00a0\u00bb4.27.4&Prime; _module_preset=\u00a0\u00bbdefault\u00a0\u00bb text_text_color=\u00a0\u00bb#000000&Prime; custom_margin=\u00a0\u00bb||-2px|||\u00a0\u00bb custom_padding=\u00a0\u00bb|||12px||\u00a0\u00bb global_colors_info=\u00a0\u00bb{}\u00a0\u00bb]<\/p>\n<p>\u00a0Email. : info@symbiose-env.com<\/p>\n<p>[\/et_pb_text][\/et_pb_column][et_pb_column type=\u00a0\u00bb1_4&Prime; _builder_version=\u00a0\u00bb4.27.4&Prime; _module_preset=\u00a0\u00bbdefault\u00a0\u00bb custom_padding=\u00a0\u00bb150px||||false|false\u00a0\u00bb global_colors_info=\u00a0\u00bb{}\u00a0\u00bb][et_pb_blurb title=\u00a0\u00bbCommuniquez avec nous\u00a0\u00bb use_icon=\u00a0\u00bbon\u00a0\u00bb font_icon=\u00a0\u00bb&#xf27a;||fa||900&Prime; icon_color=\u00a0\u00bb#00AD59&Prime; icon_placement=\u00a0\u00bbleft\u00a0\u00bb image_icon_width=\u00a0\u00bb20px\u00a0\u00bb _builder_version=\u00a0\u00bb4.27.4&Prime; _module_preset=\u00a0\u00bbdefault\u00a0\u00bb custom_margin=\u00a0\u00bb3px||25px||false|false\u00a0\u00bb border_width_bottom=\u00a0\u00bb2px\u00a0\u00bb border_color_bottom=\u00a0\u00bb#00AD59&Prime; global_colors_info=\u00a0\u00bb{}\u00a0\u00bb][\/et_pb_blurb][et_pb_blurb title=\u00a0\u00bbItin\u00e9raire et stationnement\u00a0\u00bb use_icon=\u00a0\u00bbon\u00a0\u00bb font_icon=\u00a0\u00bb&#xf124;||fa||900&Prime; icon_color=\u00a0\u00bb#00AD59&Prime; icon_placement=\u00a0\u00bbleft\u00a0\u00bb image_icon_width=\u00a0\u00bb20px\u00a0\u00bb _builder_version=\u00a0\u00bb4.27.4&Prime; _module_preset=\u00a0\u00bbdefault\u00a0\u00bb custom_margin=\u00a0\u00bb||25px||false|false\u00a0\u00bb border_width_bottom=\u00a0\u00bb2px\u00a0\u00bb border_color_bottom=\u00a0\u00bb#00AD59&Prime; global_colors_info=\u00a0\u00bb{}\u00a0\u00bb][\/et_pb_blurb][et_pb_blurb title=\u00a0\u00bbVisiter le salon\u00a0\u00bb use_icon=\u00a0\u00bbon\u00a0\u00bb font_icon=\u00a0\u00bb&#xf558;||fa||900&Prime; icon_color=\u00a0\u00bb#00AD59&Prime; icon_placement=\u00a0\u00bbleft\u00a0\u00bb image_icon_width=\u00a0\u00bb20px\u00a0\u00bb _builder_version=\u00a0\u00bb4.27.4&Prime; _module_preset=\u00a0\u00bbdefault\u00a0\u00bb custom_margin=\u00a0\u00bb||25px||false|false\u00a0\u00bb border_width_bottom=\u00a0\u00bb2px\u00a0\u00bb border_color_bottom=\u00a0\u00bb#00AD59&Prime; global_colors_info=\u00a0\u00bb{}\u00a0\u00bb][\/et_pb_blurb][et_pb_social_media_follow module_id=\u00a0\u00bbfooter_r_social\u00a0\u00bb _builder_version=\u00a0\u00bb4.27.4&Prime; _module_preset=\u00a0\u00bbdefault\u00a0\u00bb text_orientation=\u00a0\u00bbcenter\u00a0\u00bb custom_css_free_form=\u00a0\u00bbselector .et_pb_social_network_link a||{||  margin-right: 9px;||  margin-left: 8px;||}\u00a0\u00bb global_colors_info=\u00a0\u00bb{}\u00a0\u00bb][et_pb_social_media_follow_network social_network=\u00a0\u00bbfacebook\u00a0\u00bb url=\u00a0\u00bbhttps:\/\/www.facebook.com\/people\/SIEE-Pollutec-Alg%C3%A9rie\/100082852076581\/\u00a0\u00bb _builder_version=\u00a0\u00bb4.27.4&Prime; _module_preset=\u00a0\u00bbdefault\u00a0\u00bb background_color=\u00a0\u00bb#3b5998&Prime; global_colors_info=\u00a0\u00bb{}\u00a0\u00bb follow_button=\u00a0\u00bboff\u00a0\u00bb url_new_window=\u00a0\u00bbon\u00a0\u00bb]facebook[\/et_pb_social_media_follow_network][et_pb_social_media_follow_network social_network=\u00a0\u00bblinkedin\u00a0\u00bb url=\u00a0\u00bbhttps:\/\/www.linkedin.com\/company\/sieepollutecalg%C3%A9rie\u00a0\u00bb _builder_version=\u00a0\u00bb4.27.4&Prime; _module_preset=\u00a0\u00bbdefault\u00a0\u00bb background_color=\u00a0\u00bb#007bb6&Prime; global_colors_info=\u00a0\u00bb{}\u00a0\u00bb follow_button=\u00a0\u00bboff\u00a0\u00bb url_new_window=\u00a0\u00bbon\u00a0\u00bb]linkedin[\/et_pb_social_media_follow_network][et_pb_social_media_follow_network social_network=\u00a0\u00bbinstagram\u00a0\u00bb url=\u00a0\u00bbhttps:\/\/www.instagram.com\/sieepollutecalgerie\/\u00a0\u00bb _builder_version=\u00a0\u00bb4.27.4&Prime; _module_preset=\u00a0\u00bbdefault\u00a0\u00bb background_color=\u00a0\u00bb#ea2c59&Prime; global_colors_info=\u00a0\u00bb{}\u00a0\u00bb follow_button=\u00a0\u00bboff\u00a0\u00bb url_new_window=\u00a0\u00bbon\u00a0\u00bb]instagram[\/et_pb_social_media_follow_network][\/et_pb_social_media_follow][\/et_pb_column][et_pb_column type=\u00a0\u00bb1_2&Prime; _builder_version=\u00a0\u00bb4.27.4&Prime; _module_preset=\u00a0\u00bbdefault\u00a0\u00bb custom_padding=\u00a0\u00bb150px||||false|false\u00a0\u00bb custom_padding_tablet=\u00a0\u00bb5px|||15px|false|false\u00a0\u00bb custom_padding_phone=\u00a0\u00bb\u00a0\u00bb custom_padding_last_edited=\u00a0\u00bbon|tablet\u00a0\u00bb global_colors_info=\u00a0\u00bb{}\u00a0\u00bb][et_pb_text _builder_version=\u00a0\u00bb4.27.4&Prime; _module_preset=\u00a0\u00bbdefault\u00a0\u00bb text_text_color=\u00a0\u00bb#6d6d6d\u00a0\u00bb custom_margin=\u00a0\u00bb||9px|||\u00a0\u00bb custom_padding=\u00a0\u00bb|||0px||\u00a0\u00bb global_colors_info=\u00a0\u00bb{}\u00a0\u00bb]<\/p>\n<h3><strong>Le Salon SIEE-POLLUTEC<\/strong><\/h3>\n<p>Organis\u00e9 \u00e0 Alger, rassemble plus de <strong>150 exposants<\/strong>, ainsi que de nombreux professionnels des secteurs de l\u2019eau et de l\u2019environnement, v\u00e9ritable plateforme d\u2019\u00e9changes et d\u2019opportunit\u00e9s, l\u2019\u00e9v\u00e9nement permet aux participants de d\u00e9couvrir les derni\u00e8res innovations du domaine, la derni\u00e8re \u00e9dition, qui a accueilli plus de 8 140 visiteurs, a confirm\u00e9 la position du <strong>SIEE-POLLUTEC<\/strong> comme le rendez-vous incontournable pour le d\u00e9veloppement de partenariats strat\u00e9giques.<\/p>\n<p>[\/et_pb_text][et_pb_button button_url=\u00a0\u00bb#\u00a0\u00bb button_text=\u00a0\u00bbD\u00e9couvrez Siee-Pollutec !\u00a0\u00bb button_alignment=\u00a0\u00bbleft\u00a0\u00bb module_class=\u00a0\u00bbcta_button\u00a0\u00bb _builder_version=\u00a0\u00bb4.27.4&Prime; _module_preset=\u00a0\u00bbdefault\u00a0\u00bb custom_button=\u00a0\u00bbon\u00a0\u00bb button_text_color=\u00a0\u00bb#FFFFFF\u00a0\u00bb button_bg_color=\u00a0\u00bb#00AD59&Prime; button_border_color=\u00a0\u00bb#00AD59&Prime; locked=\u00a0\u00bboff\u00a0\u00bb global_colors_info=\u00a0\u00bb{}\u00a0\u00bb][\/et_pb_button][\/et_pb_column][\/et_pb_row][\/et_pb_section]<\/p>\n","protected":false},"excerpt":{"rendered":"<p><div class=\"woocommerce\"><\/div>R\u00e9sidence CHABANI, ilot 12, immeuble 6C \u2013 Hydra \u2013 Alger \u2013 Alg\u00e9rie\u00a0T\u00e9l. : +213 (0) 20 06 84 27\u00a0Email. : info@symbiose-env.comLe Salon SIEE-POLLUTEC Organis\u00e9 \u00e0 Alger, rassemble plus de 150 exposants, ainsi que de nombreux professionnels des secteurs de l\u2019eau et de l\u2019environnement, v\u00e9ritable plateforme d\u2019\u00e9changes et d\u2019opportunit\u00e9s, l\u2019\u00e9v\u00e9nement permet aux participants de d\u00e9couvrir les [&hellip;]<\/p>\n","protected":false},"author":1,"featured_media":0,"parent":0,"menu_order":0,"comment_status":"closed","ping_status":"closed","template":"","meta":{"_et_pb_use_builder":"on","_et_pb_old_content":"<!-- wp:group {\"align\":\"wide\"} -->\r\n<div class=\"wp-block-group alignwide\">\r\n<div class=\"wp-block-group__inner-container\"><!-- wp:heading {\"align\":\"center\"} -->\r\n<h2 class=\"has-text-align-center\">La premi\u00e8re destination pour l\u2019art moderne dans le nord de la Su\u00e8de. Ouvert de 10h \u00e0 18h tous les jours pendant les mois d\u2019\u00e9t\u00e9.<\/h2>\r\n<!-- \/wp:heading --><\/div>\r\n<\/div>\r\n<!-- \/wp:group --><!-- wp:columns {\"align\":\"wide\"} -->\r\n<div class=\"wp-block-columns alignwide\"><!-- wp:column -->\r\n<div class=\"wp-block-column\"><!-- wp:group -->\r\n<div class=\"wp-block-group\">\r\n<div class=\"wp-block-group__inner-container\"><!-- wp:image {\"align\":\"full\",\"id\":37,\"sizeSlug\":\"full\"} -->\r\n<figure class=\"wp-block-image alignfull size-full\"><img class=\"wp-image-37\" src=\"https:\/\/www.siee-dz.com\/wp-content\/themes\/twentytwenty\/assets\/images\/2020-three-quarters-1.png\" alt=\"\" \/><\/figure>\r\n<!-- \/wp:image --><!-- wp:heading {\"level\":3} -->\r\n<h3>Travaux et jours<\/h3>\r\n<!-- \/wp:heading --><!-- wp:paragraph -->\r\n<p>1er ao\u00fbt au 1er d\u00e9cembre<\/p>\r\n<!-- \/wp:paragraph --><!-- wp:button {\"className\":\"is-style-outline\"} -->\r\n<div class=\"wp-block-button is-style-outline\"><a class=\"wp-block-button__link\" href=\"https:\/\/make.wordpress.org\/core\/2019\/09\/27\/block-editor-theme-related-updates-in-wordpress-5-3\/\">Lire la suite<\/a><\/div>\r\n<!-- \/wp:button --><\/div>\r\n<\/div>\r\n<!-- \/wp:group --><!-- wp:group -->\r\n<div class=\"wp-block-group\">\r\n<div class=\"wp-block-group__inner-container\"><!-- wp:image {\"align\":\"full\",\"id\":37,\"sizeSlug\":\"full\"} -->\r\n<figure class=\"wp-block-image alignfull size-full\"><img class=\"wp-image-37\" src=\"https:\/\/www.siee-dz.com\/wp-content\/themes\/twentytwenty\/assets\/images\/2020-three-quarters-3.png\" alt=\"\" \/><\/figure>\r\n<!-- \/wp:image --><!-- wp:heading {\"level\":3} -->\r\n<h3>Th\u00e9\u00e2tre des op\u00e9rations<\/h3>\r\n<!-- \/wp:heading --><!-- wp:paragraph -->\r\n<p>1er octobre au 1er d\u00e9cembre<\/p>\r\n<!-- \/wp:paragraph --><!-- wp:button {\"className\":\"is-style-outline\"} -->\r\n<div class=\"wp-block-button is-style-outline\"><a class=\"wp-block-button__link\" href=\"https:\/\/make.wordpress.org\/core\/2019\/09\/27\/block-editor-theme-related-updates-in-wordpress-5-3\/\">Lire la suite<\/a><\/div>\r\n<!-- \/wp:button --><\/div>\r\n<\/div>\r\n<!-- \/wp:group --><\/div>\r\n<!-- \/wp:column --><!-- wp:column -->\r\n<div class=\"wp-block-column\"><!-- wp:group -->\r\n<div class=\"wp-block-group\">\r\n<div class=\"wp-block-group__inner-container\"><!-- wp:image {\"align\":\"full\",\"id\":37,\"sizeSlug\":\"full\"} -->\r\n<figure class=\"wp-block-image alignfull size-full\"><img class=\"wp-image-37\" src=\"https:\/\/www.siee-dz.com\/wp-content\/themes\/twentytwenty\/assets\/images\/2020-three-quarters-2.png\" alt=\"\" \/><\/figure>\r\n<!-- \/wp:image --><!-- wp:heading {\"level\":3} -->\r\n<h3>La vie que je m\u00e9rite<\/h3>\r\n<!-- \/wp:heading --><!-- wp:paragraph -->\r\n<p>1er ao\u00fbt au 1er d\u00e9cembre<\/p>\r\n<!-- \/wp:paragraph --><!-- wp:button {\"className\":\"is-style-outline\"} -->\r\n<div class=\"wp-block-button is-style-outline\"><a class=\"wp-block-button__link\" href=\"https:\/\/make.wordpress.org\/core\/2019\/09\/27\/block-editor-theme-related-updates-in-wordpress-5-3\/\">Lire la suite<\/a><\/div>\r\n<!-- \/wp:button --><\/div>\r\n<\/div>\r\n<!-- \/wp:group --><!-- wp:group -->\r\n<div class=\"wp-block-group\">\r\n<div class=\"wp-block-group__inner-container\"><!-- wp:image {\"align\":\"full\",\"id\":37,\"sizeSlug\":\"full\"} -->\r\n<figure class=\"wp-block-image alignfull size-full\"><img class=\"wp-image-37\" src=\"https:\/\/www.siee-dz.com\/wp-content\/themes\/twentytwenty\/assets\/images\/2020-three-quarters-4.png\" alt=\"\" \/><\/figure>\r\n<!-- \/wp:image --><!-- wp:heading {\"level\":3} -->\r\n<h3>De Signac \u00e0 Matisse<\/h3>\r\n<!-- \/wp:heading --><!-- wp:paragraph -->\r\n<p>1er octobre au 1er d\u00e9cembre<\/p>\r\n<!-- \/wp:paragraph --><!-- wp:button {\"className\":\"is-style-outline\"} -->\r\n<div class=\"wp-block-button is-style-outline\"><a class=\"wp-block-button__link\" href=\"https:\/\/make.wordpress.org\/core\/2019\/09\/27\/block-editor-theme-related-updates-in-wordpress-5-3\/\">Lire la suite<\/a><\/div>\r\n<!-- \/wp:button --><\/div>\r\n<\/div>\r\n<!-- \/wp:group --><\/div>\r\n<!-- \/wp:column --><\/div>\r\n<!-- \/wp:columns --><!-- wp:image {\"align\":\"full\",\"id\":37,\"sizeSlug\":\"full\"} -->\r\n<figure class=\"wp-block-image alignfull size-full\"><img class=\"wp-image-37\" src=\"https:\/\/www.siee-dz.com\/wp-content\/themes\/twentytwenty\/assets\/images\/2020-landscape-2.png\" alt=\"\" \/><\/figure>\r\n<!-- \/wp:image --><!-- wp:group {\"align\":\"wide\"} -->\r\n<div class=\"wp-block-group alignwide\">\r\n<div class=\"wp-block-group__inner-container\"><!-- wp:heading {\"align\":\"center\",\"textColor\":\"accent\"} -->\r\n<h2 class=\"has-accent-color has-text-align-center\">\u00ab\u00a0Les cyborgs, comme l\u2019a fait remarquer la philosophe Donna Haraway, ne sont pas respectueux. Ils ne se souviennent pas du cosmos.\u00a0\u00bb<\/h2>\r\n<!-- \/wp:heading --><\/div>\r\n<\/div>\r\n<!-- \/wp:group --><!-- wp:paragraph {\"dropCap\":true} -->\r\n<p class=\"has-drop-cap\">Avec ses sept \u00e9tages d\u2019architecture remarquable, le E-Mucem pr\u00e9sente des expositions d\u2019art contemporain international, parfois accompagn\u00e9es de r\u00e9trospectives sur l\u2019histoire de l\u2019art. Les questions existentielles, politiques et philosophiques font partie int\u00e9grante de notre programme. En tant que visiteur, vous \u00eates invit\u00e9 \u00e0 des visites guid\u00e9es, des conf\u00e9rences, des projections de films et d\u2019autres \u00e9v\u00e8nements avec entr\u00e9e gratuite.<\/p>\r\n<!-- \/wp:paragraph --><!-- wp:paragraph -->\r\n<p>Les expositions sont produites par le E-Mucem en collaboration avec des artistes et des mus\u00e9es du monde entier et attirent souvent l\u2019attention internationale. Le E-Mucem a re\u00e7u une mention sp\u00e9ciale du Mus\u00e9e europ\u00e9en de l\u2019ann\u00e9e et a \u00e9t\u00e9 l\u2019un des meilleurs candidats pour le Prix du Mus\u00e9e m\u00e9diterran\u00e9en de l\u2019ann\u00e9e ainsi que pour le Prix du Mus\u00e9e du Conseil de l\u2019Europe.<\/p>\r\n<!-- \/wp:paragraph --><!-- wp:paragraph -->\r\n<p>\u00a0<\/p>\r\n<!-- \/wp:paragraph --><!-- wp:group {\"customBackgroundColor\":\"#ffffff\",\"align\":\"wide\"} -->\r\n<div class=\"wp-block-group alignwide has-background\" style=\"background-color: #ffffff;\">\r\n<div class=\"wp-block-group__inner-container\"><!-- wp:group -->\r\n<div class=\"wp-block-group\">\r\n<div class=\"wp-block-group__inner-container\"><!-- wp:heading {\"align\":\"center\"} -->\r\n<h2 class=\"has-text-align-center\">Devenez membre et obtenez des offres exclusives\u00a0!<\/h2>\r\n<!-- \/wp:heading --><!-- wp:paragraph {\"align\":\"center\"} -->\r\n<p class=\"has-text-align-center\">Les adh\u00e9rent\u00b7es ont acc\u00e8s \u00e0 des expositions et des ventes exclusives. Notre abonnement co\u00fbtent $99.99 et est factur\u00e9 annuellement.<\/p>\r\n<!-- \/wp:paragraph --><!-- wp:button {\"align\":\"center\"} -->\r\n<div class=\"wp-block-button aligncenter\"><a class=\"wp-block-button__link\" href=\"https:\/\/make.wordpress.org\/core\/2019\/09\/27\/block-editor-theme-related-updates-in-wordpress-5-3\/\">Rejoignez le club<\/a><\/div>\r\n<!-- \/wp:button --><\/div>\r\n<\/div>\r\n<!-- \/wp:group --><\/div>\r\n<\/div>\r\n<!-- \/wp:group --><!-- wp:gallery {\"ids\":[39,38],\"align\":\"wide\"} -->\r\n<figure class=\"wp-block-gallery alignwide columns-2 is-cropped\">\r\n<ul class=\"blocks-gallery-grid\">\r\n<li class=\"blocks-gallery-item\">\r\n<figure><img class=\"wp-image-39\" src=\"https:\/\/www.siee-dz.com\/wp-content\/themes\/twentytwenty\/assets\/images\/2020-square-2.png\" alt=\"\" data-id=\"39\" data-full-url=\"https:\/\/www.siee-dz.com\/wp-content\/themes\/twentytwenty\/assets\/images\/2020-square-2.png\" data-link=\"assets\/images\/2020-square-2\/\" \/><\/figure>\r\n<\/li>\r\n<li class=\"blocks-gallery-item\">\r\n<figure><img class=\"wp-image-38\" src=\"https:\/\/www.siee-dz.com\/wp-content\/themes\/twentytwenty\/assets\/images\/2020-square-1.png\" alt=\"\" data-id=\"38\" data-full-url=\"https:\/\/www.siee-dz.com\/wp-content\/themes\/twentytwenty\/assets\/images\/2020-square-1.png\" data-link=\"https:\/\/www.siee-dz.com\/wp-content\/themes\/twentytwenty\/assets\/images\/2020-square-1\/\" \/><\/figure>\r\n<\/li>\r\n<\/ul>\r\n<\/figure>\r\n<!-- \/wp:gallery -->","_et_gb_content_width":"","footnotes":""},"class_list":["post-6","page","type-page","status-publish","hentry"],"_links":{"self":[{"href":"https:\/\/www.symbiose-event.com\/visiteurs\/wp-json\/wp\/v2\/pages\/6","targetHints":{"allow":["GET"]}}],"collection":[{"href":"https:\/\/www.symbiose-event.com\/visiteurs\/wp-json\/wp\/v2\/pages"}],"about":[{"href":"https:\/\/www.symbiose-event.com\/visiteurs\/wp-json\/wp\/v2\/types\/page"}],"author":[{"embeddable":true,"href":"https:\/\/www.symbiose-event.com\/visiteurs\/wp-json\/wp\/v2\/users\/1"}],"replies":[{"embeddable":true,"href":"https:\/\/www.symbiose-event.com\/visiteurs\/wp-json\/wp\/v2\/comments?post=6"}],"version-history":[{"count":11,"href":"https:\/\/www.symbiose-event.com\/visiteurs\/wp-json\/wp\/v2\/pages\/6\/revisions"}],"predecessor-version":[{"id":808,"href":"https:\/\/www.symbiose-event.com\/visiteurs\/wp-json\/wp\/v2\/pages\/6\/revisions\/808"}],"wp:attachment":[{"href":"https:\/\/www.symbiose-event.com\/visiteurs\/wp-json\/wp\/v2\/media?parent=6"}],"curies":[{"name":"wp","href":"https:\/\/api.w.org\/{rel}","templated":true}]}}